{"id":7,"date":"2024-11-06T14:07:00","date_gmt":"2024-11-06T13:07:00","guid":{"rendered":"https:\/\/commerce-equitable-bretagne.fr\/?page_id=7"},"modified":"2025-12-09T19:57:28","modified_gmt":"2025-12-09T18:57:28","slug":"qui-sommes-nous","status":"publish","type":"page","link":"https:\/\/commerce-equitable-bretagne.fr\/index.php\/qui-sommes-nous\/","title":{"rendered":"QUI SOMMES NOUS ?"},"content":{"rendered":"\n<p>Une \u00e9quipe de b\u00e9n\u00e9voles, militants et passionn\u00e9s par la notion de commerce juste, (\u00ab\u00a0fair trade\u00a0\u00bb en anglais, \u00ab\u00a0comercio justo\u00a0\u00bb en espagnol), qui militent pour plus de justice sociale et environnementale, qui sont les conditions d&rsquo;un monde plus juste.<\/p>\n\n\n\n<p>C&rsquo;est \u00e0 dire un commerce qui respecte les droits des petits producteurs du monde et de chez nous, tout en favorisant leur d\u00e9veloppement !<\/p>\n\n\n\n<p>Nous nous sommes engag\u00e9s lors du d\u00e9marrage du commerce \u00e9quitable dans les ann\u00e9es 1995 et nous continuons \u00e0 pr\u00eacher la bonne parole pour que chaque consommateur, dont les jeunes, prenne conscience de l&rsquo;importance de consommer responsable et pour que les collectivit\u00e9s s&rsquo;engagent \u00e0 utiliser des produits labellis\u00e9s commerce \u00e9quitable.<\/p>\n\n\n\n<p>Tout cela, \u00e0 travers des interventions dans les \u00e9coles, des contacts avec les collectivit\u00e9s et le grand public.<\/p>\n\n\n\n<p>Si vous avez du temps et souhaitez vous engager, selon vos centres d\u2019int\u00e9r\u00eats et votre disponibilit\u00e9, rejoignez nous !<\/p>\n\n\n\n<h2 class=\"wp-block-heading\"><\/h2>\n\n\n\n<p><\/p>\n","protected":false},"excerpt":{"rendered":"<p>Une \u00e9quipe de b\u00e9n\u00e9voles, militants et passionn\u00e9s par la notion de commerce juste, (\u00ab\u00a0fair trade\u00a0\u00bb en anglais, \u00ab\u00a0comercio justo\u00a0\u00bb en espagnol), qui militent pour plus de justice sociale et environnementale, qui sont les conditions d&rsquo;un monde plus juste. C&rsquo;est \u00e0 dire un commerce qui respecte les droits des petits producteurs du monde et de chez &hellip; <\/p>\n<p class=\"link-more\"><a href=\"https:\/\/commerce-equitable-bretagne.fr\/index.php\/qui-sommes-nous\/\" class=\"more-link\">Continuer la lecture<span class=\"screen-reader-text\"> de &laquo;&nbsp;QUI SOMMES NOUS ?&nbsp;&raquo;<\/span><\/a><\/p>\n","protected":false},"author":2,"featured_media":0,"parent":0,"menu_order":0,"comment_status":"closed","ping_status":"closed","template":"","meta":{"_uag_custom_page_level_css":"","footnotes":""},"class_list":["post-7","page","type-page","status-publish","hentry"],"yoast_head":"<!-- This site is optimized with the Yoast SEO plugin v23.8 - https:\/\/yoast.com\/wordpress\/plugins\/seo\/ -->\n<title>QUI SOMMES NOUS ? - Commerce \u00c9quitable Bretagne<\/title>\n<meta name=\"robots\" content=\"index, follow, max-snippet:-1, max-image-preview:large, max-video-preview:-1\" \/>\n<link rel=\"canonical\" href=\"https:\/\/commerce-equitable-bretagne.fr\/index.php\/qui-sommes-nous\/\" \/>\n<meta property=\"og:locale\" content=\"fr_FR\" \/>\n<meta property=\"og:type\" content=\"article\" \/>\n<meta property=\"og:title\" content=\"QUI SOMMES NOUS ? - Commerce \u00c9quitable Bretagne\" \/>\n<meta property=\"og:description\" content=\"Une \u00e9quipe de b\u00e9n\u00e9voles, militants et passionn\u00e9s par la notion de commerce juste, (\u00ab\u00a0fair trade\u00a0\u00bb en anglais, \u00ab\u00a0comercio justo\u00a0\u00bb en espagnol), qui militent pour plus de justice sociale et environnementale, qui sont les conditions d&rsquo;un monde plus juste. C&rsquo;est \u00e0 dire un commerce qui respecte les droits des petits producteurs du monde et de chez &hellip; Continuer la lecture de &laquo;&nbsp;QUI SOMMES NOUS ?&nbsp;&raquo;\" \/>\n<meta property=\"og:url\" content=\"https:\/\/commerce-equitable-bretagne.fr\/index.php\/qui-sommes-nous\/\" \/>\n<meta property=\"og:site_name\" content=\"Commerce \u00c9quitable Bretagne\" \/>\n<meta property=\"article:modified_time\" content=\"2025-12-09T18:57:28+00:00\" \/>\n<meta name=\"twitter:card\" content=\"summary_large_image\" \/>\n<meta name=\"twitter:label1\" content=\"Dur\u00e9e de lecture estim\u00e9e\" \/>\n\t<meta name=\"twitter:data1\" content=\"1 minute\" \/>\n<script type=\"application\/ld+json\" class=\"yoast-schema-graph\">{\"@context\":\"https:\/\/schema.org\",\"@graph\":[{\"@type\":\"WebPage\",\"@id\":\"https:\/\/commerce-equitable-bretagne.fr\/index.php\/qui-sommes-nous\/\",\"url\":\"https:\/\/commerce-equitable-bretagne.fr\/index.php\/qui-sommes-nous\/\",\"name\":\"QUI SOMMES NOUS ? - Commerce \u00c9quitable Bretagne\",\"isPartOf\":{\"@id\":\"https:\/\/commerce-equitable-bretagne.fr\/#website\"},\"datePublished\":\"2024-11-06T13:07:00+00:00\",\"dateModified\":\"2025-12-09T18:57:28+00:00\",\"breadcrumb\":{\"@id\":\"https:\/\/commerce-equitable-bretagne.fr\/index.php\/qui-sommes-nous\/#breadcrumb\"},\"inLanguage\":\"fr-FR\",\"potentialAction\":[{\"@type\":\"ReadAction\",\"target\":[\"https:\/\/commerce-equitable-bretagne.fr\/index.php\/qui-sommes-nous\/\"]}]},{\"@type\":\"BreadcrumbList\",\"@id\":\"https:\/\/commerce-equitable-bretagne.fr\/index.php\/qui-sommes-nous\/#breadcrumb\",\"itemListElement\":[{\"@type\":\"ListItem\",\"position\":1,\"name\":\"Accueil\",\"item\":\"https:\/\/commerce-equitable-bretagne.fr\/\"},{\"@type\":\"ListItem\",\"position\":2,\"name\":\"QUI SOMMES NOUS ?\"}]},{\"@type\":\"WebSite\",\"@id\":\"https:\/\/commerce-equitable-bretagne.fr\/#website\",\"url\":\"https:\/\/commerce-equitable-bretagne.fr\/\",\"name\":\"Commerce \u00c9quitable Bretagne\",\"description\":\"Pour un commerce plus juste\",\"publisher\":{\"@id\":\"https:\/\/commerce-equitable-bretagne.fr\/#organization\"},\"potentialAction\":[{\"@type\":\"SearchAction\",\"target\":{\"@type\":\"EntryPoint\",\"urlTemplate\":\"https:\/\/commerce-equitable-bretagne.fr\/?s={search_term_string}\"},\"query-input\":{\"@type\":\"PropertyValueSpecification\",\"valueRequired\":true,\"valueName\":\"search_term_string\"}}],\"inLanguage\":\"fr-FR\"},{\"@type\":\"Organization\",\"@id\":\"https:\/\/commerce-equitable-bretagne.fr\/#organization\",\"name\":\"Commerce \u00c9quitable Bretagne\",\"url\":\"https:\/\/commerce-equitable-bretagne.fr\/\",\"logo\":{\"@type\":\"ImageObject\",\"inLanguage\":\"fr-FR\",\"@id\":\"https:\/\/commerce-equitable-bretagne.fr\/#\/schema\/logo\/image\/\",\"url\":\"https:\/\/commerce-equitable-bretagne.fr\/wp-content\/uploads\/2025\/09\/3.png\",\"contentUrl\":\"https:\/\/commerce-equitable-bretagne.fr\/wp-content\/uploads\/2025\/09\/3.png\",\"width\":4724,\"height\":4724,\"caption\":\"Commerce \u00c9quitable Bretagne\"},\"image\":{\"@id\":\"https:\/\/commerce-equitable-bretagne.fr\/#\/schema\/logo\/image\/\"}}]}<\/script>\n<!-- \/ Yoast SEO plugin. -->","yoast_head_json":{"title":"QUI SOMMES NOUS ? - Commerce \u00c9quitable Bretagne","robots":{"index":"index","follow":"follow","max-snippet":"max-snippet:-1","max-image-preview":"max-image-preview:large","max-video-preview":"max-video-preview:-1"},"canonical":"https:\/\/commerce-equitable-bretagne.fr\/index.php\/qui-sommes-nous\/","og_locale":"fr_FR","og_type":"article","og_title":"QUI SOMMES NOUS ? - Commerce \u00c9quitable Bretagne","og_description":"Une \u00e9quipe de b\u00e9n\u00e9voles, militants et passionn\u00e9s par la notion de commerce juste, (\u00ab\u00a0fair trade\u00a0\u00bb en anglais, \u00ab\u00a0comercio justo\u00a0\u00bb en espagnol), qui militent pour plus de justice sociale et environnementale, qui sont les conditions d&rsquo;un monde plus juste. C&rsquo;est \u00e0 dire un commerce qui respecte les droits des petits producteurs du monde et de chez &hellip; Continuer la lecture de &laquo;&nbsp;QUI SOMMES NOUS ?&nbsp;&raquo;","og_url":"https:\/\/commerce-equitable-bretagne.fr\/index.php\/qui-sommes-nous\/","og_site_name":"Commerce \u00c9quitable Bretagne","article_modified_time":"2025-12-09T18:57:28+00:00","twitter_card":"summary_large_image","twitter_misc":{"Dur\u00e9e de lecture estim\u00e9e":"1 minute"},"schema":{"@context":"https:\/\/schema.org","@graph":[{"@type":"WebPage","@id":"https:\/\/commerce-equitable-bretagne.fr\/index.php\/qui-sommes-nous\/","url":"https:\/\/commerce-equitable-bretagne.fr\/index.php\/qui-sommes-nous\/","name":"QUI SOMMES NOUS ? - Commerce \u00c9quitable Bretagne","isPartOf":{"@id":"https:\/\/commerce-equitable-bretagne.fr\/#website"},"datePublished":"2024-11-06T13:07:00+00:00","dateModified":"2025-12-09T18:57:28+00:00","breadcrumb":{"@id":"https:\/\/commerce-equitable-bretagne.fr\/index.php\/qui-sommes-nous\/#breadcrumb"},"inLanguage":"fr-FR","potentialAction":[{"@type":"ReadAction","target":["https:\/\/commerce-equitable-bretagne.fr\/index.php\/qui-sommes-nous\/"]}]},{"@type":"BreadcrumbList","@id":"https:\/\/commerce-equitable-bretagne.fr\/index.php\/qui-sommes-nous\/#breadcrumb","itemListElement":[{"@type":"ListItem","position":1,"name":"Accueil","item":"https:\/\/commerce-equitable-bretagne.fr\/"},{"@type":"ListItem","position":2,"name":"QUI SOMMES NOUS ?"}]},{"@type":"WebSite","@id":"https:\/\/commerce-equitable-bretagne.fr\/#website","url":"https:\/\/commerce-equitable-bretagne.fr\/","name":"Commerce \u00c9quitable Bretagne","description":"Pour un commerce plus juste","publisher":{"@id":"https:\/\/commerce-equitable-bretagne.fr\/#organization"},"potentialAction":[{"@type":"SearchAction","target":{"@type":"EntryPoint","urlTemplate":"https:\/\/commerce-equitable-bretagne.fr\/?s={search_term_string}"},"query-input":{"@type":"PropertyValueSpecification","valueRequired":true,"valueName":"search_term_string"}}],"inLanguage":"fr-FR"},{"@type":"Organization","@id":"https:\/\/commerce-equitable-bretagne.fr\/#organization","name":"Commerce \u00c9quitable Bretagne","url":"https:\/\/commerce-equitable-bretagne.fr\/","logo":{"@type":"ImageObject","inLanguage":"fr-FR","@id":"https:\/\/commerce-equitable-bretagne.fr\/#\/schema\/logo\/image\/","url":"https:\/\/commerce-equitable-bretagne.fr\/wp-content\/uploads\/2025\/09\/3.png","contentUrl":"https:\/\/commerce-equitable-bretagne.fr\/wp-content\/uploads\/2025\/09\/3.png","width":4724,"height":4724,"caption":"Commerce \u00c9quitable Bretagne"},"image":{"@id":"https:\/\/commerce-equitable-bretagne.fr\/#\/schema\/logo\/image\/"}}]}},"uagb_featured_image_src":{"full":false,"thumbnail":false,"medium":false,"medium_large":false,"large":false,"1536x1536":false,"2048x2048":false,"twentyseventeen-featured-image":false,"twentyseventeen-thumbnail-avatar":false},"uagb_author_info":{"display_name":"Bernard Bruel","author_link":"https:\/\/commerce-equitable-bretagne.fr\/index.php\/author\/bernard\/"},"uagb_comment_info":0,"uagb_excerpt":"Une \u00e9quipe de b\u00e9n\u00e9voles, militants et passionn\u00e9s par la notion de commerce juste, (\u00ab\u00a0fair trade\u00a0\u00bb en anglais, \u00ab\u00a0comercio justo\u00a0\u00bb en espagnol), qui militent pour plus de justice sociale et environnementale, qui sont les conditions d&rsquo;un monde plus juste. C&rsquo;est \u00e0 dire un commerce qui respecte les droits des petits producteurs du monde et de chez\u2026","_links":{"self":[{"href":"https:\/\/commerce-equitable-bretagne.fr\/index.php\/wp-json\/wp\/v2\/pages\/7","targetHints":{"allow":["GET"]}}],"collection":[{"href":"https:\/\/commerce-equitable-bretagne.fr\/index.php\/wp-json\/wp\/v2\/pages"}],"about":[{"href":"https:\/\/commerce-equitable-bretagne.fr\/index.php\/wp-json\/wp\/v2\/types\/page"}],"author":[{"embeddable":true,"href":"https:\/\/commerce-equitable-bretagne.fr\/index.php\/wp-json\/wp\/v2\/users\/2"}],"replies":[{"embeddable":true,"href":"https:\/\/commerce-equitable-bretagne.fr\/index.php\/wp-json\/wp\/v2\/comments?post=7"}],"version-history":[{"count":3,"href":"https:\/\/commerce-equitable-bretagne.fr\/index.php\/wp-json\/wp\/v2\/pages\/7\/revisions"}],"predecessor-version":[{"id":166,"href":"https:\/\/commerce-equitable-bretagne.fr\/index.php\/wp-json\/wp\/v2\/pages\/7\/revisions\/166"}],"wp:attachment":[{"href":"https:\/\/commerce-equitable-bretagne.fr\/index.php\/wp-json\/wp\/v2\/media?parent=7"}],"curies":[{"name":"wp","href":"https:\/\/api.w.org\/{rel}","templated":true}]}}