{"id":53,"date":"2024-11-06T14:09:48","date_gmt":"2024-11-06T13:09:48","guid":{"rendered":"https:\/\/commerce-equitable-bretagne.fr\/?page_id=53"},"modified":"2025-09-11T20:11:23","modified_gmt":"2025-09-11T18:11:23","slug":"quinzaine-du-ce","status":"publish","type":"page","link":"https:\/\/commerce-equitable-bretagne.fr\/index.php\/quinzaine-du-ce\/","title":{"rendered":"QUINZAINE du CE 2025"},"content":{"rendered":"<h2>Peut-on mieux consommer demain ?    Oui\u00a0!<\/h2>\n<p>\t\t\t\t\t\t\t\t\t\t\t\t\t<img loading=\"lazy\" decoding=\"async\" width=\"450\" height=\"150\" src=\"https:\/\/commerce-equitable-bretagne.fr\/wp-content\/uploads\/2025\/04\/LOGO-QZ-2025.png\" alt=\"\" sizes=\"auto, 100vw\" \/>\t\t\t\t\t\t\t\t\t\t\t\t\t<\/p>\n<ul>\n<li>\u00c0 travers <strong>une r\u00e9mun\u00e9ration juste et des relations durables <\/strong>entre entreprises et producteur\u00b7rice\u00b7s d\u2019ici et d\u2019ailleurs. Les partenaires du commerce \u00e9quitable valorisent le travail des producteur\u00b7rice\u00b7s, maintiennent l\u2019emploi local, limitent l\u2019\u00e9migration et participent \u00e0 la reconnaissance de ces m\u00e9tiers essentiels. Et \u00e7a change tout !<\/li>\n<li>En rendant visible <strong>l\u2019histoire qui se cache derri\u00e8re un produit<\/strong>, par des engagements de transparence et de tra\u00e7abilit\u00e9 aupr\u00e8s des consommateur\u00b7rice.s. \u00a0<\/li>\n<li>En adoptant <strong>des modes de production qui respectent la nature et les \u00eatres vivants<\/strong>. Pour permettre d\u2019en r\u00e9colter les fruits de mani\u00e8re durable et de donner acc\u00e8s \u00e0 des produits de qualit\u00e9 et bons pour la sant\u00e9 aux consommateur\u00b7rice\u00b7s.<\/li>\n<\/ul>\n<h2>LA QUINZAINE DU CE 2025<\/h2>\n<p>\n\n\n<p><\/p>\n\n\n\n<p><\/p>\n\n\n<figure><img decoding=\"async\" src=\"https:\/\/commerce-equitable-bretagne.fr\/wp-content\/uploads\/2025\/04\/Capture-de\u0301cran-2025-04-28-a\u0300-11.25.32.png\" alt=\"\" \/><\/figure>\n<\/p>\n\n\n<p><\/p>\n\n\n<figure><img decoding=\"async\" src=\"https:\/\/commerce-equitable-bretagne.fr\/wp-content\/uploads\/2025\/04\/Capture-de\u0301cran-2025-04-28-a\u0300-11.25.22.png\" alt=\"\" \/><\/figure>\n<\/p>\n\n\n<p><\/p>\n\n\n\n<p><\/p>\n\n\n<\/p>\n\n\n<div class=\"wp-block-uagb-info-box uagb-block-1df4193d uagb-infobox__content-wrap  uagb-infobox-icon-above-title uagb-infobox-image-valign-top\"><div class=\"uagb-ifb-content\"><div class=\"uagb-ifb-icon-wrap\"><svg xmlns=\"https:\/\/www.w3.org\/2000\/svg\" viewBox=\"0 0 512 512\"><path d=\"M0 256C0 114.6 114.6 0 256 0C397.4 0 512 114.6 512 256C512 397.4 397.4 512 256 512C114.6 512 0 397.4 0 256zM371.8 211.8C382.7 200.9 382.7 183.1 371.8 172.2C360.9 161.3 343.1 161.3 332.2 172.2L224 280.4L179.8 236.2C168.9 225.3 151.1 225.3 140.2 236.2C129.3 247.1 129.3 264.9 140.2 275.8L204.2 339.8C215.1 350.7 232.9 350.7 243.8 339.8L371.8 211.8z\"><\/path><\/svg><\/div><div class=\"uagb-ifb-title-wrap\"><h3 class=\"uagb-ifb-title\">Info Box<\/h3><\/div><p class=\"uagb-ifb-desc\">Click here to change this text. Lorem ipsum dolor sit amet, consectetur adipiscing elit. Ut elit tellus, luctus nec ullamcorper mattis, pulvinar dapibus leo.<\/p><\/div><\/div>\n\n\n\n<div class=\"wp-block-uagb-advanced-heading uagb-block-20735a90\"><h2 class=\"uagb-heading-text\">Mr MOLINIA, producteur de bananes en animation au Biocoop de Vannes<\/h2><\/div>\n\n\n\n<p><\/p>\n\n\n\n<div class=\"wp-block-uagb-container uagb-block-92c0d6f3 alignfull uagb-is-root-container\"><div class=\"uagb-container-inner-blocks-wrap\">\t\t\t\t\t<div\n\t\t\t\t\t\tclass=\"wp-block-uagb-image-gallery uagb-block-34f4fbd8     \"\n\t\t\t\t\t\tstyle=\"\"\n\t\t\t\t\t>\n\t\t\t\t\t\t\t\t\t\t\t<div class=\"spectra-image-gallery spectra-image-gallery__layout--grid spectra-image-gallery__layout--grid-col-3 spectra-image-gallery__layout--grid-col-tab-3 spectra-image-gallery__layout--grid-col-mob-2\">\n\t\t\t\t\t\t\t\t\t\t\t<div class='spectra-image-gallery__media-wrapper' data-spectra-gallery-image-id='145' tabindex=\"0\">\n\t\t\t\t\t\t\t<div class=\"spectra-image-gallery__media spectra-image-gallery__media--grid\">\n\t\t\t\t<picture>\n\t\t\t\t\t<source media=\"(min-width: 1024px)\" srcset=\"https:\/\/commerce-equitable-bretagne.fr\/wp-content\/uploads\/2025\/09\/IUT-VANNES-avec-Mr-MOLINA-2025-05-15-A.jpg\">\n\t\t\t\t\t<source media=\"(min-width: 768px)\" srcset=\"https:\/\/commerce-equitable-bretagne.fr\/wp-content\/uploads\/2025\/09\/IUT-VANNES-avec-Mr-MOLINA-2025-05-15-A.jpg\">\n\t\t\t\t\t<img decoding=\"async\" class=\"spectra-image-gallery__media-thumbnail spectra-image-gallery__media-thumbnail--grid\" src=\"https:\/\/commerce-equitable-bretagne.fr\/wp-content\/uploads\/2025\/09\/IUT-VANNES-avec-Mr-MOLINA-2025-05-15-A.jpg\" alt=\"\" loading=\"lazy\" \/>\n\t\t\t\t<\/picture>\n\t\t\t\t<div class=\"spectra-image-gallery__media-thumbnail-blurrer\"><\/div>\n\t\t\t\t\t\t\t\t\t\t\t<div class=\"spectra-image-gallery__media-thumbnail-caption-wrapper spectra-image-gallery__media-thumbnail-caption-wrapper--overlay\">\n\t\t\t\t\t\t\t\t\t\t\t<div class=\"spectra-image-gallery__media-thumbnail-caption spectra-image-gallery__media-thumbnail-caption--overlay\">\n\t\t\t\t\tAucune l\u00e9gende\t\t\t\t<\/div>\n\t\t\t\t\t\t\t\t\t\t<\/div>\n\t\t\t\t\t\t\t\t\t<\/div>\n\t\t\t\t\t\t<\/div>\n\t\t\t\t\t\t<div class='spectra-image-gallery__media-wrapper' data-spectra-gallery-image-id='146' tabindex=\"0\">\n\t\t\t\t\t\t\t<div class=\"spectra-image-gallery__media spectra-image-gallery__media--grid\">\n\t\t\t\t<picture>\n\t\t\t\t\t<source media=\"(min-width: 1024px)\" srcset=\"https:\/\/commerce-equitable-bretagne.fr\/wp-content\/uploads\/2025\/09\/IUT-VANNES-avec-Mr-MOLINA-2025-05-15-C.jpg\">\n\t\t\t\t\t<source media=\"(min-width: 768px)\" srcset=\"https:\/\/commerce-equitable-bretagne.fr\/wp-content\/uploads\/2025\/09\/IUT-VANNES-avec-Mr-MOLINA-2025-05-15-C.jpg\">\n\t\t\t\t\t<img decoding=\"async\" class=\"spectra-image-gallery__media-thumbnail spectra-image-gallery__media-thumbnail--grid\" src=\"https:\/\/commerce-equitable-bretagne.fr\/wp-content\/uploads\/2025\/09\/IUT-VANNES-avec-Mr-MOLINA-2025-05-15-C.jpg\" alt=\"\" loading=\"lazy\" \/>\n\t\t\t\t<\/picture>\n\t\t\t\t<div class=\"spectra-image-gallery__media-thumbnail-blurrer\"><\/div>\n\t\t\t\t\t\t\t\t\t\t\t<div class=\"spectra-image-gallery__media-thumbnail-caption-wrapper spectra-image-gallery__media-thumbnail-caption-wrapper--overlay\">\n\t\t\t\t\t\t\t\t\t\t\t<div class=\"spectra-image-gallery__media-thumbnail-caption spectra-image-gallery__media-thumbnail-caption--overlay\">\n\t\t\t\t\tAucune l\u00e9gende\t\t\t\t<\/div>\n\t\t\t\t\t\t\t\t\t\t<\/div>\n\t\t\t\t\t\t\t\t\t<\/div>\n\t\t\t\t\t\t<\/div>\n\t\t\t\t\t\t<div class='spectra-image-gallery__media-wrapper' data-spectra-gallery-image-id='147' tabindex=\"0\">\n\t\t\t\t\t\t\t<div class=\"spectra-image-gallery__media spectra-image-gallery__media--grid\">\n\t\t\t\t<picture>\n\t\t\t\t\t<source media=\"(min-width: 1024px)\" srcset=\"https:\/\/commerce-equitable-bretagne.fr\/wp-content\/uploads\/2025\/09\/IUT-VANNES-avec-Mr-MOLINA-2025-05-15-D.jpg\">\n\t\t\t\t\t<source media=\"(min-width: 768px)\" srcset=\"https:\/\/commerce-equitable-bretagne.fr\/wp-content\/uploads\/2025\/09\/IUT-VANNES-avec-Mr-MOLINA-2025-05-15-D.jpg\">\n\t\t\t\t\t<img decoding=\"async\" class=\"spectra-image-gallery__media-thumbnail spectra-image-gallery__media-thumbnail--grid\" src=\"https:\/\/commerce-equitable-bretagne.fr\/wp-content\/uploads\/2025\/09\/IUT-VANNES-avec-Mr-MOLINA-2025-05-15-D.jpg\" alt=\"\" loading=\"lazy\" \/>\n\t\t\t\t<\/picture>\n\t\t\t\t<div class=\"spectra-image-gallery__media-thumbnail-blurrer\"><\/div>\n\t\t\t\t\t\t\t\t\t\t\t<div class=\"spectra-image-gallery__media-thumbnail-caption-wrapper spectra-image-gallery__media-thumbnail-caption-wrapper--overlay\">\n\t\t\t\t\t\t\t\t\t\t\t<div class=\"spectra-image-gallery__media-thumbnail-caption spectra-image-gallery__media-thumbnail-caption--overlay\">\n\t\t\t\t\tAucune l\u00e9gende\t\t\t\t<\/div>\n\t\t\t\t\t\t\t\t\t\t<\/div>\n\t\t\t\t\t\t\t\t\t<\/div>\n\t\t\t\t\t\t<\/div>\n\t\t\t\t\t\t<div class='spectra-image-gallery__media-wrapper' data-spectra-gallery-image-id='148' tabindex=\"0\">\n\t\t\t\t\t\t\t<div class=\"spectra-image-gallery__media spectra-image-gallery__media--grid\">\n\t\t\t\t<picture>\n\t\t\t\t\t<source media=\"(min-width: 1024px)\" srcset=\"https:\/\/commerce-equitable-bretagne.fr\/wp-content\/uploads\/2025\/09\/IUT-VANNES-avec-Mr-MOLINA-2025-05-15-E.jpg\">\n\t\t\t\t\t<source media=\"(min-width: 768px)\" srcset=\"https:\/\/commerce-equitable-bretagne.fr\/wp-content\/uploads\/2025\/09\/IUT-VANNES-avec-Mr-MOLINA-2025-05-15-E.jpg\">\n\t\t\t\t\t<img decoding=\"async\" class=\"spectra-image-gallery__media-thumbnail spectra-image-gallery__media-thumbnail--grid\" src=\"https:\/\/commerce-equitable-bretagne.fr\/wp-content\/uploads\/2025\/09\/IUT-VANNES-avec-Mr-MOLINA-2025-05-15-E.jpg\" alt=\"\" loading=\"lazy\" \/>\n\t\t\t\t<\/picture>\n\t\t\t\t<div class=\"spectra-image-gallery__media-thumbnail-blurrer\"><\/div>\n\t\t\t\t\t\t\t\t\t\t\t<div class=\"spectra-image-gallery__media-thumbnail-caption-wrapper spectra-image-gallery__media-thumbnail-caption-wrapper--overlay\">\n\t\t\t\t\t\t\t\t\t\t\t<div class=\"spectra-image-gallery__media-thumbnail-caption spectra-image-gallery__media-thumbnail-caption--overlay\">\n\t\t\t\t\tAucune l\u00e9gende\t\t\t\t<\/div>\n\t\t\t\t\t\t\t\t\t\t<\/div>\n\t\t\t\t\t\t\t\t\t<\/div>\n\t\t\t\t\t\t<\/div>\n\t\t\t\t\t\t<div class='spectra-image-gallery__media-wrapper' data-spectra-gallery-image-id='149' tabindex=\"0\">\n\t\t\t\t\t\t\t<div class=\"spectra-image-gallery__media spectra-image-gallery__media--grid\">\n\t\t\t\t<picture>\n\t\t\t\t\t<source media=\"(min-width: 1024px)\" srcset=\"https:\/\/commerce-equitable-bretagne.fr\/wp-content\/uploads\/2025\/09\/IUT-VANNES-avec-Mr-MOLINA-2025-05-15-F.jpg\">\n\t\t\t\t\t<source media=\"(min-width: 768px)\" srcset=\"https:\/\/commerce-equitable-bretagne.fr\/wp-content\/uploads\/2025\/09\/IUT-VANNES-avec-Mr-MOLINA-2025-05-15-F.jpg\">\n\t\t\t\t\t<img decoding=\"async\" class=\"spectra-image-gallery__media-thumbnail spectra-image-gallery__media-thumbnail--grid\" src=\"https:\/\/commerce-equitable-bretagne.fr\/wp-content\/uploads\/2025\/09\/IUT-VANNES-avec-Mr-MOLINA-2025-05-15-F.jpg\" alt=\"\" loading=\"lazy\" \/>\n\t\t\t\t<\/picture>\n\t\t\t\t<div class=\"spectra-image-gallery__media-thumbnail-blurrer\"><\/div>\n\t\t\t\t\t\t\t\t\t\t\t<div class=\"spectra-image-gallery__media-thumbnail-caption-wrapper spectra-image-gallery__media-thumbnail-caption-wrapper--overlay\">\n\t\t\t\t\t\t\t\t\t\t\t<div class=\"spectra-image-gallery__media-thumbnail-caption spectra-image-gallery__media-thumbnail-caption--overlay\">\n\t\t\t\t\tAucune l\u00e9gende\t\t\t\t<\/div>\n\t\t\t\t\t\t\t\t\t\t<\/div>\n\t\t\t\t\t\t\t\t\t<\/div>\n\t\t\t\t\t\t<\/div>\n\t\t\t\t\t\t<div class='spectra-image-gallery__media-wrapper' data-spectra-gallery-image-id='150' tabindex=\"0\">\n\t\t\t\t\t\t\t<div class=\"spectra-image-gallery__media spectra-image-gallery__media--grid\">\n\t\t\t\t<picture>\n\t\t\t\t\t<source media=\"(min-width: 1024px)\" srcset=\"https:\/\/commerce-equitable-bretagne.fr\/wp-content\/uploads\/2025\/09\/IUT-VANNES-avec-Mr-MOLINA-2025-05-15-I.jpg\">\n\t\t\t\t\t<source media=\"(min-width: 768px)\" srcset=\"https:\/\/commerce-equitable-bretagne.fr\/wp-content\/uploads\/2025\/09\/IUT-VANNES-avec-Mr-MOLINA-2025-05-15-I.jpg\">\n\t\t\t\t\t<img decoding=\"async\" class=\"spectra-image-gallery__media-thumbnail spectra-image-gallery__media-thumbnail--grid\" src=\"https:\/\/commerce-equitable-bretagne.fr\/wp-content\/uploads\/2025\/09\/IUT-VANNES-avec-Mr-MOLINA-2025-05-15-I.jpg\" alt=\"\" loading=\"lazy\" \/>\n\t\t\t\t<\/picture>\n\t\t\t\t<div class=\"spectra-image-gallery__media-thumbnail-blurrer\"><\/div>\n\t\t\t\t\t\t\t\t\t\t\t<div class=\"spectra-image-gallery__media-thumbnail-caption-wrapper spectra-image-gallery__media-thumbnail-caption-wrapper--overlay\">\n\t\t\t\t\t\t\t\t\t\t\t<div class=\"spectra-image-gallery__media-thumbnail-caption spectra-image-gallery__media-thumbnail-caption--overlay\">\n\t\t\t\t\tAucune l\u00e9gende\t\t\t\t<\/div>\n\t\t\t\t\t\t\t\t\t\t<\/div>\n\t\t\t\t\t\t\t\t\t<\/div>\n\t\t\t\t\t\t<\/div>\n\t\t\t\t\t\t\t\t\t\t<\/div>\n\t\t\t\t\t\t\t\t\t\t\t\t\t\t\t\t\t\t<\/div>\n\t\t\t\t\t\t\t\t\t<\/div><\/div>\n","protected":false},"excerpt":{"rendered":"<p>Peut-on mieux consommer demain ? Oui\u00a0! \u00c0 travers une r\u00e9mun\u00e9ration juste et des relations durables entre entreprises et producteur\u00b7rice\u00b7s d\u2019ici et d\u2019ailleurs. Les partenaires du commerce \u00e9quitable valorisent le travail des producteur\u00b7rice\u00b7s, maintiennent l\u2019emploi local, limitent l\u2019\u00e9migration et participent \u00e0 la reconnaissance de ces m\u00e9tiers essentiels. Et \u00e7a change tout ! En rendant visible l\u2019histoire &hellip; <\/p>\n<p class=\"link-more\"><a href=\"https:\/\/commerce-equitable-bretagne.fr\/index.php\/quinzaine-du-ce\/\" class=\"more-link\">Continuer la lecture<span class=\"screen-reader-text\"> de &laquo;&nbsp;QUINZAINE du CE 2025&nbsp;&raquo;<\/span><\/a><\/p>\n","protected":false},"author":2,"featured_media":0,"parent":0,"menu_order":0,"comment_status":"closed","ping_status":"closed","template":"","meta":{"_uag_custom_page_level_css":"","footnotes":""},"class_list":["post-53","page","type-page","status-publish","hentry"],"yoast_head":"<!-- This site is optimized with the Yoast SEO plugin v23.8 - https:\/\/yoast.com\/wordpress\/plugins\/seo\/ -->\n<title>QUINZAINE du CE 2025 - Commerce \u00c9quitable Bretagne<\/title>\n<meta name=\"robots\" content=\"index, follow, max-snippet:-1, max-image-preview:large, max-video-preview:-1\" \/>\n<link rel=\"canonical\" href=\"https:\/\/commerce-equitable-bretagne.fr\/index.php\/quinzaine-du-ce\/\" \/>\n<meta property=\"og:locale\" content=\"fr_FR\" \/>\n<meta property=\"og:type\" content=\"article\" \/>\n<meta property=\"og:title\" content=\"QUINZAINE du CE 2025 - Commerce \u00c9quitable Bretagne\" \/>\n<meta property=\"og:description\" content=\"Peut-on mieux consommer demain ? Oui\u00a0! \u00c0 travers une r\u00e9mun\u00e9ration juste et des relations durables entre entreprises et producteur\u00b7rice\u00b7s d\u2019ici et d\u2019ailleurs. Les partenaires du commerce \u00e9quitable valorisent le travail des producteur\u00b7rice\u00b7s, maintiennent l\u2019emploi local, limitent l\u2019\u00e9migration et participent \u00e0 la reconnaissance de ces m\u00e9tiers essentiels. Et \u00e7a change tout ! En rendant visible l\u2019histoire &hellip; Continuer la lecture de &laquo;&nbsp;QUINZAINE du CE 2025&nbsp;&raquo;\" \/>\n<meta property=\"og:url\" content=\"https:\/\/commerce-equitable-bretagne.fr\/index.php\/quinzaine-du-ce\/\" \/>\n<meta property=\"og:site_name\" content=\"Commerce \u00c9quitable Bretagne\" \/>\n<meta property=\"article:modified_time\" content=\"2025-09-11T18:11:23+00:00\" \/>\n<meta property=\"og:image\" content=\"https:\/\/commerce-equitable-bretagne.fr\/wp-content\/uploads\/2025\/04\/LOGO-QZ-2025.png\" \/>\n<meta name=\"twitter:card\" content=\"summary_large_image\" \/>\n<meta name=\"twitter:label1\" content=\"Dur\u00e9e de lecture estim\u00e9e\" \/>\n\t<meta name=\"twitter:data1\" content=\"2 minutes\" \/>\n<script type=\"application\/ld+json\" class=\"yoast-schema-graph\">{\"@context\":\"https:\/\/schema.org\",\"@graph\":[{\"@type\":\"WebPage\",\"@id\":\"https:\/\/commerce-equitable-bretagne.fr\/index.php\/quinzaine-du-ce\/\",\"url\":\"https:\/\/commerce-equitable-bretagne.fr\/index.php\/quinzaine-du-ce\/\",\"name\":\"QUINZAINE du CE 2025 - Commerce \u00c9quitable Bretagne\",\"isPartOf\":{\"@id\":\"https:\/\/commerce-equitable-bretagne.fr\/#website\"},\"primaryImageOfPage\":{\"@id\":\"https:\/\/commerce-equitable-bretagne.fr\/index.php\/quinzaine-du-ce\/#primaryimage\"},\"image\":{\"@id\":\"https:\/\/commerce-equitable-bretagne.fr\/index.php\/quinzaine-du-ce\/#primaryimage\"},\"thumbnailUrl\":\"https:\/\/commerce-equitable-bretagne.fr\/wp-content\/uploads\/2025\/04\/LOGO-QZ-2025.png\",\"datePublished\":\"2024-11-06T13:09:48+00:00\",\"dateModified\":\"2025-09-11T18:11:23+00:00\",\"breadcrumb\":{\"@id\":\"https:\/\/commerce-equitable-bretagne.fr\/index.php\/quinzaine-du-ce\/#breadcrumb\"},\"inLanguage\":\"fr-FR\",\"potentialAction\":[{\"@type\":\"ReadAction\",\"target\":[\"https:\/\/commerce-equitable-bretagne.fr\/index.php\/quinzaine-du-ce\/\"]}]},{\"@type\":\"ImageObject\",\"inLanguage\":\"fr-FR\",\"@id\":\"https:\/\/commerce-equitable-bretagne.fr\/index.php\/quinzaine-du-ce\/#primaryimage\",\"url\":\"https:\/\/commerce-equitable-bretagne.fr\/wp-content\/uploads\/2025\/04\/LOGO-QZ-2025.png\",\"contentUrl\":\"https:\/\/commerce-equitable-bretagne.fr\/wp-content\/uploads\/2025\/04\/LOGO-QZ-2025.png\",\"width\":450,\"height\":150},{\"@type\":\"BreadcrumbList\",\"@id\":\"https:\/\/commerce-equitable-bretagne.fr\/index.php\/quinzaine-du-ce\/#breadcrumb\",\"itemListElement\":[{\"@type\":\"ListItem\",\"position\":1,\"name\":\"Accueil\",\"item\":\"https:\/\/commerce-equitable-bretagne.fr\/\"},{\"@type\":\"ListItem\",\"position\":2,\"name\":\"QUINZAINE du CE 2025\"}]},{\"@type\":\"WebSite\",\"@id\":\"https:\/\/commerce-equitable-bretagne.fr\/#website\",\"url\":\"https:\/\/commerce-equitable-bretagne.fr\/\",\"name\":\"Commerce \u00c9quitable Bretagne\",\"description\":\"Pour un commerce plus juste\",\"publisher\":{\"@id\":\"https:\/\/commerce-equitable-bretagne.fr\/#organization\"},\"potentialAction\":[{\"@type\":\"SearchAction\",\"target\":{\"@type\":\"EntryPoint\",\"urlTemplate\":\"https:\/\/commerce-equitable-bretagne.fr\/?s={search_term_string}\"},\"query-input\":{\"@type\":\"PropertyValueSpecification\",\"valueRequired\":true,\"valueName\":\"search_term_string\"}}],\"inLanguage\":\"fr-FR\"},{\"@type\":\"Organization\",\"@id\":\"https:\/\/commerce-equitable-bretagne.fr\/#organization\",\"name\":\"Commerce \u00c9quitable Bretagne\",\"url\":\"https:\/\/commerce-equitable-bretagne.fr\/\",\"logo\":{\"@type\":\"ImageObject\",\"inLanguage\":\"fr-FR\",\"@id\":\"https:\/\/commerce-equitable-bretagne.fr\/#\/schema\/logo\/image\/\",\"url\":\"https:\/\/commerce-equitable-bretagne.fr\/wp-content\/uploads\/2025\/09\/3.png\",\"contentUrl\":\"https:\/\/commerce-equitable-bretagne.fr\/wp-content\/uploads\/2025\/09\/3.png\",\"width\":4724,\"height\":4724,\"caption\":\"Commerce \u00c9quitable Bretagne\"},\"image\":{\"@id\":\"https:\/\/commerce-equitable-bretagne.fr\/#\/schema\/logo\/image\/\"}}]}<\/script>\n<!-- \/ Yoast SEO plugin. -->","yoast_head_json":{"title":"QUINZAINE du CE 2025 - Commerce \u00c9quitable Bretagne","robots":{"index":"index","follow":"follow","max-snippet":"max-snippet:-1","max-image-preview":"max-image-preview:large","max-video-preview":"max-video-preview:-1"},"canonical":"https:\/\/commerce-equitable-bretagne.fr\/index.php\/quinzaine-du-ce\/","og_locale":"fr_FR","og_type":"article","og_title":"QUINZAINE du CE 2025 - Commerce \u00c9quitable Bretagne","og_description":"Peut-on mieux consommer demain ? Oui\u00a0! \u00c0 travers une r\u00e9mun\u00e9ration juste et des relations durables entre entreprises et producteur\u00b7rice\u00b7s d\u2019ici et d\u2019ailleurs. Les partenaires du commerce \u00e9quitable valorisent le travail des producteur\u00b7rice\u00b7s, maintiennent l\u2019emploi local, limitent l\u2019\u00e9migration et participent \u00e0 la reconnaissance de ces m\u00e9tiers essentiels. Et \u00e7a change tout ! En rendant visible l\u2019histoire &hellip; Continuer la lecture de &laquo;&nbsp;QUINZAINE du CE 2025&nbsp;&raquo;","og_url":"https:\/\/commerce-equitable-bretagne.fr\/index.php\/quinzaine-du-ce\/","og_site_name":"Commerce \u00c9quitable Bretagne","article_modified_time":"2025-09-11T18:11:23+00:00","og_image":[{"url":"https:\/\/commerce-equitable-bretagne.fr\/wp-content\/uploads\/2025\/04\/LOGO-QZ-2025.png"}],"twitter_card":"summary_large_image","twitter_misc":{"Dur\u00e9e de lecture estim\u00e9e":"2 minutes"},"schema":{"@context":"https:\/\/schema.org","@graph":[{"@type":"WebPage","@id":"https:\/\/commerce-equitable-bretagne.fr\/index.php\/quinzaine-du-ce\/","url":"https:\/\/commerce-equitable-bretagne.fr\/index.php\/quinzaine-du-ce\/","name":"QUINZAINE du CE 2025 - Commerce \u00c9quitable Bretagne","isPartOf":{"@id":"https:\/\/commerce-equitable-bretagne.fr\/#website"},"primaryImageOfPage":{"@id":"https:\/\/commerce-equitable-bretagne.fr\/index.php\/quinzaine-du-ce\/#primaryimage"},"image":{"@id":"https:\/\/commerce-equitable-bretagne.fr\/index.php\/quinzaine-du-ce\/#primaryimage"},"thumbnailUrl":"https:\/\/commerce-equitable-bretagne.fr\/wp-content\/uploads\/2025\/04\/LOGO-QZ-2025.png","datePublished":"2024-11-06T13:09:48+00:00","dateModified":"2025-09-11T18:11:23+00:00","breadcrumb":{"@id":"https:\/\/commerce-equitable-bretagne.fr\/index.php\/quinzaine-du-ce\/#breadcrumb"},"inLanguage":"fr-FR","potentialAction":[{"@type":"ReadAction","target":["https:\/\/commerce-equitable-bretagne.fr\/index.php\/quinzaine-du-ce\/"]}]},{"@type":"ImageObject","inLanguage":"fr-FR","@id":"https:\/\/commerce-equitable-bretagne.fr\/index.php\/quinzaine-du-ce\/#primaryimage","url":"https:\/\/commerce-equitable-bretagne.fr\/wp-content\/uploads\/2025\/04\/LOGO-QZ-2025.png","contentUrl":"https:\/\/commerce-equitable-bretagne.fr\/wp-content\/uploads\/2025\/04\/LOGO-QZ-2025.png","width":450,"height":150},{"@type":"BreadcrumbList","@id":"https:\/\/commerce-equitable-bretagne.fr\/index.php\/quinzaine-du-ce\/#breadcrumb","itemListElement":[{"@type":"ListItem","position":1,"name":"Accueil","item":"https:\/\/commerce-equitable-bretagne.fr\/"},{"@type":"ListItem","position":2,"name":"QUINZAINE du CE 2025"}]},{"@type":"WebSite","@id":"https:\/\/commerce-equitable-bretagne.fr\/#website","url":"https:\/\/commerce-equitable-bretagne.fr\/","name":"Commerce \u00c9quitable Bretagne","description":"Pour un commerce plus juste","publisher":{"@id":"https:\/\/commerce-equitable-bretagne.fr\/#organization"},"potentialAction":[{"@type":"SearchAction","target":{"@type":"EntryPoint","urlTemplate":"https:\/\/commerce-equitable-bretagne.fr\/?s={search_term_string}"},"query-input":{"@type":"PropertyValueSpecification","valueRequired":true,"valueName":"search_term_string"}}],"inLanguage":"fr-FR"},{"@type":"Organization","@id":"https:\/\/commerce-equitable-bretagne.fr\/#organization","name":"Commerce \u00c9quitable Bretagne","url":"https:\/\/commerce-equitable-bretagne.fr\/","logo":{"@type":"ImageObject","inLanguage":"fr-FR","@id":"https:\/\/commerce-equitable-bretagne.fr\/#\/schema\/logo\/image\/","url":"https:\/\/commerce-equitable-bretagne.fr\/wp-content\/uploads\/2025\/09\/3.png","contentUrl":"https:\/\/commerce-equitable-bretagne.fr\/wp-content\/uploads\/2025\/09\/3.png","width":4724,"height":4724,"caption":"Commerce \u00c9quitable Bretagne"},"image":{"@id":"https:\/\/commerce-equitable-bretagne.fr\/#\/schema\/logo\/image\/"}}]}},"uagb_featured_image_src":{"full":false,"thumbnail":false,"medium":false,"medium_large":false,"large":false,"1536x1536":false,"2048x2048":false,"twentyseventeen-featured-image":false,"twentyseventeen-thumbnail-avatar":false},"uagb_author_info":{"display_name":"Bernard Bruel","author_link":"https:\/\/commerce-equitable-bretagne.fr\/index.php\/author\/bernard\/"},"uagb_comment_info":0,"uagb_excerpt":"Peut-on mieux consommer demain ? Oui\u00a0! \u00c0 travers une r\u00e9mun\u00e9ration juste et des relations durables entre entreprises et producteur\u00b7rice\u00b7s d\u2019ici et d\u2019ailleurs. Les partenaires du commerce \u00e9quitable valorisent le travail des producteur\u00b7rice\u00b7s, maintiennent l\u2019emploi local, limitent l\u2019\u00e9migration et participent \u00e0 la reconnaissance de ces m\u00e9tiers essentiels. Et \u00e7a change tout ! En rendant visible l\u2019histoire\u2026","_links":{"self":[{"href":"https:\/\/commerce-equitable-bretagne.fr\/index.php\/wp-json\/wp\/v2\/pages\/53","targetHints":{"allow":["GET"]}}],"collection":[{"href":"https:\/\/commerce-equitable-bretagne.fr\/index.php\/wp-json\/wp\/v2\/pages"}],"about":[{"href":"https:\/\/commerce-equitable-bretagne.fr\/index.php\/wp-json\/wp\/v2\/types\/page"}],"author":[{"embeddable":true,"href":"https:\/\/commerce-equitable-bretagne.fr\/index.php\/wp-json\/wp\/v2\/users\/2"}],"replies":[{"embeddable":true,"href":"https:\/\/commerce-equitable-bretagne.fr\/index.php\/wp-json\/wp\/v2\/comments?post=53"}],"version-history":[{"count":10,"href":"https:\/\/commerce-equitable-bretagne.fr\/index.php\/wp-json\/wp\/v2\/pages\/53\/revisions"}],"predecessor-version":[{"id":151,"href":"https:\/\/commerce-equitable-bretagne.fr\/index.php\/wp-json\/wp\/v2\/pages\/53\/revisions\/151"}],"wp:attachment":[{"href":"https:\/\/commerce-equitable-bretagne.fr\/index.php\/wp-json\/wp\/v2\/media?parent=53"}],"curies":[{"name":"wp","href":"https:\/\/api.w.org\/{rel}","templated":true}]}}